{"id":20877,"date":"2026-04-27T17:45:25","date_gmt":"2026-04-27T16:45:25","guid":{"rendered":"https:\/\/www.rec0.com\/?page_id=20877"},"modified":"2026-04-27T18:18:25","modified_gmt":"2026-04-27T17:18:25","slug":"080_la-galeria","status":"publish","type":"page","link":"https:\/\/www.rec0.com\/es\/080_la-galeria\/","title":{"rendered":"080_La Galeria"},"content":{"rendered":"<p><strong>\u00a1La artesan\u00eda presente en el Rec.0!<\/strong><\/p>\n<p>080_La Galeria es el nuevo espacio de creadores de Catalu\u00f1a que nace conjuntamente con 080 Barcelona Fashion para poner en valor el talento creativo, artesanal y de dise\u00f1o del territorio.<\/p>\n<p>080_La Galeria se encuentra en la antigua curtidur\u00eda de Cal Mateu, del s.XVII-XVIII (tambi\u00e9n llamada Cal Segall o Cal Valls), una de las curtidur\u00edas m\u00e1s antiguas del barrio situada en la placeta Granotes, y uno de los rincones con m\u00e1s encanto y personalidad del Rec.<\/p>\n<p><img loading=\"lazy\" class=\"alignnone wp-image-20882 size-large\" title=\"080_La Galeria\" src=\"https:\/\/www.rec0.com\/wp-content\/uploads\/080-galeria-creatiu_page-0001-724x1024.jpg\" alt=\"080_La Galeria\" width=\"724\" height=\"1024\" srcset=\"https:\/\/www.rec0.com\/wp-content\/uploads\/080-galeria-creatiu_page-0001-724x1024.jpg 724w, https:\/\/www.rec0.com\/wp-content\/uploads\/080-galeria-creatiu_page-0001-297x420.jpg 297w, https:\/\/www.rec0.com\/wp-content\/uploads\/080-galeria-creatiu_page-0001-1087x1536.jpg 1087w, https:\/\/www.rec0.com\/wp-content\/uploads\/080-galeria-creatiu_page-0001.jpg 1240w\" sizes=\"(max-width: 724px) 100vw, 724px\" \/><\/p>\n<p>Piezas de autor, objetos de dise\u00f1o, artesan\u00eda contempor\u00e1nea, ediciones limitadas y producci\u00f3n local en un espacio multidisciplinar que acoge a creadores, dise\u00f1adores y artesanos.<\/p>\n<p>En este espacio tambi\u00e9n se encuentra la marca ganadora del Concurso Rec.0\/080 Barcelona Fashion que esta edici\u00f3n es Paola Molet.<\/p>","protected":false},"excerpt":{"rendered":"<p>\u00a1La artesan\u00eda presente en el Rec.0! 080_La Galeria es el nuevo espacio de creadores de &hellip; <a href=\"https:\/\/www.rec0.com\/es\/080_la-galeria\/\">Contin\u00faa<\/a><\/p>\n","protected":false},"author":1,"featured_media":0,"parent":0,"menu_order":0,"comment_status":"closed","ping_status":"closed","template":"page-080lagaleria.php","meta":{"ngg_post_thumbnail":0},"yoast_head":"<!-- This site is optimized with the Yoast SEO plugin v18.2 - https:\/\/yoast.com\/wordpress\/plugins\/seo\/ -->\n<meta name=\"robots\" content=\"index, follow, max-snippet:-1, max-image-preview:large, max-video-preview:-1\" \/>\n<link rel=\"canonical\" href=\"https:\/\/www.rec0.com\/080_la-galeria\/\" \/>\n<meta property=\"og:locale\" content=\"es_ES\" \/>\n<meta property=\"og:type\" content=\"article\" \/>\n<meta property=\"og:title\" content=\"080_La Galeria - REC.0 Experimental Stores\" \/>\n<meta property=\"og:description\" content=\"\u00a1La artesan\u00eda presente en el Rec.0! 080_La Galeria es el nuevo espacio de creadores de &hellip; Contin\u00faa\" \/>\n<meta property=\"og:url\" content=\"https:\/\/www.rec0.com\/080_la-galeria\/\" \/>\n<meta property=\"og:site_name\" content=\"REC.0 Experimental Stores\" \/>\n<meta property=\"article:modified_time\" content=\"2026-04-27T17:18:25+00:00\" \/>\n<meta property=\"og:image\" content=\"https:\/\/www.rec0.com\/wp-content\/uploads\/080-galeria-creatiu_page-0001-724x1024.jpg\" \/>\n<meta name=\"twitter:label1\" content=\"Tiempo de lectura\" \/>\n\t<meta name=\"twitter:data1\" content=\"1 minuto\" \/>\n<script type=\"application\/ld+json\" class=\"yoast-schema-graph\">{\"@context\":\"https:\/\/schema.org\",\"@graph\":[{\"@type\":\"WebSite\",\"@id\":\"https:\/\/www.rec0.com\/es\/#website\",\"url\":\"https:\/\/www.rec0.com\/es\/\",\"name\":\"REC.0 Experimental Stores\",\"description\":\"Pop up stores al barri del Rec, a Igualada.\",\"potentialAction\":[{\"@type\":\"SearchAction\",\"target\":{\"@type\":\"EntryPoint\",\"urlTemplate\":\"https:\/\/www.rec0.com\/es\/?s={search_term_string}\"},\"query-input\":\"required name=search_term_string\"}],\"inLanguage\":\"es\"},{\"@type\":\"ImageObject\",\"@id\":\"https:\/\/www.rec0.com\/080_la-galeria\/#primaryimage\",\"inLanguage\":\"es\",\"url\":\"https:\/\/www.rec0.com\/wp-content\/uploads\/080-galeria-creatiu_page-0001.jpg\",\"contentUrl\":\"https:\/\/www.rec0.com\/wp-content\/uploads\/080-galeria-creatiu_page-0001.jpg\",\"width\":1240,\"height\":1753},{\"@type\":\"WebPage\",\"@id\":\"https:\/\/www.rec0.com\/080_la-galeria\/#webpage\",\"url\":\"https:\/\/www.rec0.com\/080_la-galeria\/\",\"name\":\"080_La Galeria - REC.0 Experimental Stores\",\"isPartOf\":{\"@id\":\"https:\/\/www.rec0.com\/es\/#website\"},\"primaryImageOfPage\":{\"@id\":\"https:\/\/www.rec0.com\/080_la-galeria\/#primaryimage\"},\"datePublished\":\"2026-04-27T16:45:25+00:00\",\"dateModified\":\"2026-04-27T17:18:25+00:00\",\"breadcrumb\":{\"@id\":\"https:\/\/www.rec0.com\/080_la-galeria\/#breadcrumb\"},\"inLanguage\":\"es\",\"potentialAction\":[{\"@type\":\"ReadAction\",\"target\":[\"https:\/\/www.rec0.com\/080_la-galeria\/\"]}]},{\"@type\":\"BreadcrumbList\",\"@id\":\"https:\/\/www.rec0.com\/080_la-galeria\/#breadcrumb\",\"itemListElement\":[{\"@type\":\"ListItem\",\"position\":1,\"name\":\"080_La Galeria\"}]}]}<\/script>\n<!-- \/ Yoast SEO plugin. -->","yoast_head_json":{"robots":{"index":"index","follow":"follow","max-snippet":"max-snippet:-1","max-image-preview":"max-image-preview:large","max-video-preview":"max-video-preview:-1"},"canonical":"https:\/\/www.rec0.com\/080_la-galeria\/","og_locale":"es_ES","og_type":"article","og_title":"080_La Galeria - REC.0 Experimental Stores","og_description":"\u00a1La artesan\u00eda presente en el Rec.0! 080_La Galeria es el nuevo espacio de creadores de &hellip; Contin\u00faa","og_url":"https:\/\/www.rec0.com\/080_la-galeria\/","og_site_name":"REC.0 Experimental Stores","article_modified_time":"2026-04-27T17:18:25+00:00","og_image":[{"url":"https:\/\/www.rec0.com\/wp-content\/uploads\/080-galeria-creatiu_page-0001-724x1024.jpg"}],"twitter_misc":{"Tiempo de lectura":"1 minuto"},"schema":{"@context":"https:\/\/schema.org","@graph":[{"@type":"WebSite","@id":"https:\/\/www.rec0.com\/es\/#website","url":"https:\/\/www.rec0.com\/es\/","name":"REC.0 Experimental Stores","description":"Pop up stores al barri del Rec, a Igualada.","potentialAction":[{"@type":"SearchAction","target":{"@type":"EntryPoint","urlTemplate":"https:\/\/www.rec0.com\/es\/?s={search_term_string}"},"query-input":"required name=search_term_string"}],"inLanguage":"es"},{"@type":"ImageObject","@id":"https:\/\/www.rec0.com\/080_la-galeria\/#primaryimage","inLanguage":"es","url":"https:\/\/www.rec0.com\/wp-content\/uploads\/080-galeria-creatiu_page-0001.jpg","contentUrl":"https:\/\/www.rec0.com\/wp-content\/uploads\/080-galeria-creatiu_page-0001.jpg","width":1240,"height":1753},{"@type":"WebPage","@id":"https:\/\/www.rec0.com\/080_la-galeria\/#webpage","url":"https:\/\/www.rec0.com\/080_la-galeria\/","name":"080_La Galeria - REC.0 Experimental Stores","isPartOf":{"@id":"https:\/\/www.rec0.com\/es\/#website"},"primaryImageOfPage":{"@id":"https:\/\/www.rec0.com\/080_la-galeria\/#primaryimage"},"datePublished":"2026-04-27T16:45:25+00:00","dateModified":"2026-04-27T17:18:25+00:00","breadcrumb":{"@id":"https:\/\/www.rec0.com\/080_la-galeria\/#breadcrumb"},"inLanguage":"es","potentialAction":[{"@type":"ReadAction","target":["https:\/\/www.rec0.com\/080_la-galeria\/"]}]},{"@type":"BreadcrumbList","@id":"https:\/\/www.rec0.com\/080_la-galeria\/#breadcrumb","itemListElement":[{"@type":"ListItem","position":1,"name":"080_La Galeria"}]}]}},"acf":[],"_links":{"self":[{"href":"https:\/\/www.rec0.com\/es\/wp-json\/wp\/v2\/pages\/20877"}],"collection":[{"href":"https:\/\/www.rec0.com\/es\/wp-json\/wp\/v2\/pages"}],"about":[{"href":"https:\/\/www.rec0.com\/es\/wp-json\/wp\/v2\/types\/page"}],"author":[{"embeddable":true,"href":"https:\/\/www.rec0.com\/es\/wp-json\/wp\/v2\/users\/1"}],"replies":[{"embeddable":true,"href":"https:\/\/www.rec0.com\/es\/wp-json\/wp\/v2\/comments?post=20877"}],"version-history":[{"count":11,"href":"https:\/\/www.rec0.com\/es\/wp-json\/wp\/v2\/pages\/20877\/revisions"}],"predecessor-version":[{"id":20889,"href":"https:\/\/www.rec0.com\/es\/wp-json\/wp\/v2\/pages\/20877\/revisions\/20889"}],"wp:attachment":[{"href":"https:\/\/www.rec0.com\/es\/wp-json\/wp\/v2\/media?parent=20877"}],"curies":[{"name":"wp","href":"https:\/\/api.w.org\/{rel}","templated":true}]}}