{"id":16210,"date":"2022-10-18T11:25:20","date_gmt":"2022-10-18T09:25:20","guid":{"rendered":"https:\/\/www.rec0.com\/?page_id=16210"},"modified":"2024-02-20T14:49:08","modified_gmt":"2024-02-20T12:49:08","slug":"modasostenible1aplanta","status":"publish","type":"page","link":"https:\/\/www.rec0.com\/es\/modasostenible1aplanta\/","title":{"rendered":"Rec Imperdible, a la 1a planta del Museu de la Pell"},"content":{"rendered":"<p>El Rec.0 acull moltes marques de moda sostenible que produeixen localment. I encara n&#8217;hi ha m\u00e9s a la primera planta del Museu de la Pell, a la sala de les Encavellades, on s&#8217;hi troba l&#8217;espai <b>Rec Imperdible<\/b>, format per:<\/p>\n<p>&nbsp;<\/p>\n<ul>\n<li><a href=\"https:\/\/080barcelonafashion.cat\"><strong>L&#8217;espai del 080 Barcelona Fashion<\/strong><\/a>: els guanyadors de la 10a edici\u00f3 del <strong>Concurs Rec.0\/080 Barcelona Fashion<\/strong> vendran els seus dissenys basats en la sostenibilitat i la inclusi\u00f3. Recorda que la convocat\u00f2ria est\u00e0 oberta fins el 28 de febrer! Pots consultar les bases i participar <a href=\"https:\/\/www.rec0.com\/concurs-rec-0-080-barcelona-fashion-10a-edicio\/\">aqu\u00ed<\/a>.<\/li>\n<\/ul>\n<p>&nbsp;<\/p>\n<ul>\n<li><a href=\"https:\/\/en.iaios.com\/\">Marcas sostenibles y\/o sociales como<strong> Iaios<\/strong><\/a>, <strong><a href=\"https:\/\/batechbcn.com\/en\/\">Batech<\/a>, <a href=\"https:\/\/materiarica.com\/es\/\">Materia Rica<\/a>, <a href=\"https:\/\/nuoo.es\/en\/home\/\">Nuoo<\/a>, <a href=\"https:\/\/topmanta.store\/en\">Top Manta<\/a>, <a href=\"https:\/\/www.cusartdesign.com\/\">Cusart<\/a>, <\/strong>i <strong><a href=\"https:\/\/www.dissenymarked.com\/\">Disseny Marked<\/a><\/strong> entre muchas otras.&nbsp;<\/li>\n<\/ul>\n<p>&nbsp;<\/p>\n<p>Adem\u00e1s en el espacio encontrar\u00e1s <strong>La Exposici\u00f3n de las Escuelas de Dise\u00f1o de Moda<\/strong> con los proyectos de dise\u00f1o con una perspectiva sostenible creados por estudiantes de diversas escuelas de dise\u00f1o moda de Catalu\u00f1a como:<strong> BAU, ESDI, IED, La Gaspar, INS La Garrotxa, EADI Moda, ESDAPC Campus Lonja, LCI Barcelona y CTS Sabadell.<\/strong><\/p>\n<p>&nbsp;<\/p>\n<p>Tambi\u00e9n est\u00e1 el Mercado de Intercambio del Rec.0, donde puedes llevar la ropa que no utilices y c\u00e1mbiala viernes 10 y s\u00e1bado 11 de 10h a 21h.<\/p>\n<p>\ud83d\udc49\ud83c\udffc\u00bfC\u00f3mo funciona?<br \/>\n1\ufe0f\u20e3Selecciona la ropa que no te pongas, y que est\u00e9 en buen estado<br \/>\n2\ufe0f\u20e3Ll\u00e9vala al Mercado de Intercambio<br \/>\n3\ufe0f\u20e3Se les dar\u00e1 un valor a tus piezas y podr\u00e1s intercambiarlas<br \/>\n4\ufe0f\u20e3Lo que no quieras intercambiar podr\u00e1s darlo a Ropa Amiga<\/p>\n<p>\ud83d\udc49\ud83c\udffc \u00bfQu\u00e9 se puede intercambiar?<br \/>\n\u2705M\u00e1ximo de 10 piezas bien seleccionadas<br \/>\n\u2705Ropa nueva y de segunda mano en buen estado, sin agujeros, con todos los botones y cremalleras, limpia y planchada<br \/>\n\u2705Ropa de adulto, hombre o mujer, complementos de cualquier temporada y talla<br \/>\n\u26d4No se aceptar\u00e1 ropa interior, ba\u00f1o, zapatos ni ropa infantil<\/p>\n<p>\ud83d\udd87Con el apoyo de&nbsp;@robaamigacop&nbsp;y&nbsp;Agencia de Residuos de Catalu\u00f1a<\/p>\n<p>&nbsp;<\/p>\n<p>Y adem\u00e1s la Primera Planta acoge las <strong>Mesas Redondas,<\/strong> &nbsp;el espacio de debate y reflexi\u00f3n del Rec en torno a la actualidad que vive el mundo de la moda, escucha las de las ediciones anteriores al <a href=\"https:\/\/www.rec0.com\/podcasts\/\">Rec.0 Podcast.<\/a><\/p>\n<p><!-- default-view.php -->\n<div\n\tclass=\"ngg-galleryoverview default-view  ngg-ajax-pagination-none\"\n\tid=\"ngg-gallery-4c7f75f97023054c15936b90b15c0338-1\">\n\n\t\t<!-- Thumbnails -->\n\t\t\t\t<div id=\"ngg-image-0\" class=\"ngg-gallery-thumbnail-box ngg-4-columns\" >\n\t\t\t\t        <div class=\"ngg-gallery-thumbnail\">\n            <a href=\"https:\/\/www.rec0.com\/wp-content\/gallery\/espai-moda-sostenible\/080-ESPAI031.jpg\"\n               title=\"\"\n               data-src=\"https:\/\/www.rec0.com\/wp-content\/gallery\/espai-moda-sostenible\/080-ESPAI031.jpg\"\n               data-thumbnail=\"https:\/\/www.rec0.com\/wp-content\/gallery\/espai-moda-sostenible\/thumbs\/thumbs_080-ESPAI031.jpg\"\n               data-image-id=\"1135\"\n               data-title=\"080-ESPAI031\"\n               data-description=\"\"\n               data-image-slug=\"080-espai031\"\n               class=\"ngg-simplelightbox\" rel=\"4c7f75f97023054c15936b90b15c0338\">\n                <img\n                    title=\"080-ESPAI031\"\n                    alt=\"080-ESPAI031\"\n                    src=\"https:\/\/www.rec0.com\/wp-content\/gallery\/espai-moda-sostenible\/thumbs\/thumbs_080-ESPAI031.jpg\"\n                    width=\"240\"\n                    height=\"160\"\n                    style=\"max-width:100%;\"\n                \/>\n            <\/a>\n        <\/div>\n\t\t\t\t\t\t\t<\/div> \n\t\t\t\n\t\t\t\t<div id=\"ngg-image-1\" class=\"ngg-gallery-thumbnail-box ngg-4-columns\" >\n\t\t\t\t        <div class=\"ngg-gallery-thumbnail\">\n            <a href=\"https:\/\/www.rec0.com\/wp-content\/gallery\/espai-moda-sostenible\/080-ESPAI024.jpg\"\n               title=\"\"\n               data-src=\"https:\/\/www.rec0.com\/wp-content\/gallery\/espai-moda-sostenible\/080-ESPAI024.jpg\"\n               data-thumbnail=\"https:\/\/www.rec0.com\/wp-content\/gallery\/espai-moda-sostenible\/thumbs\/thumbs_080-ESPAI024.jpg\"\n               data-image-id=\"1136\"\n               data-title=\"080-ESPAI024\"\n               data-description=\"\"\n               data-image-slug=\"080-espai024\"\n               class=\"ngg-simplelightbox\" rel=\"4c7f75f97023054c15936b90b15c0338\">\n                <img\n                    title=\"080-ESPAI024\"\n                    alt=\"080-ESPAI024\"\n                    src=\"https:\/\/www.rec0.com\/wp-content\/gallery\/espai-moda-sostenible\/thumbs\/thumbs_080-ESPAI024.jpg\"\n                    width=\"240\"\n                    height=\"160\"\n                    style=\"max-width:100%;\"\n                \/>\n            <\/a>\n        <\/div>\n\t\t\t\t\t\t\t<\/div> \n\t\t\t\n\t\t\t\t<div id=\"ngg-image-2\" class=\"ngg-gallery-thumbnail-box ngg-4-columns\" >\n\t\t\t\t        <div class=\"ngg-gallery-thumbnail\">\n            <a href=\"https:\/\/www.rec0.com\/wp-content\/gallery\/espai-moda-sostenible\/ESCOLES004.jpg\"\n               title=\"\"\n               data-src=\"https:\/\/www.rec0.com\/wp-content\/gallery\/espai-moda-sostenible\/ESCOLES004.jpg\"\n               data-thumbnail=\"https:\/\/www.rec0.com\/wp-content\/gallery\/espai-moda-sostenible\/thumbs\/thumbs_ESCOLES004.jpg\"\n               data-image-id=\"1137\"\n               data-title=\"ESCOLES004\"\n               data-description=\"\"\n               data-image-slug=\"escoles004\"\n               class=\"ngg-simplelightbox\" rel=\"4c7f75f97023054c15936b90b15c0338\">\n                <img\n                    title=\"ESCOLES004\"\n                    alt=\"ESCOLES004\"\n                    src=\"https:\/\/www.rec0.com\/wp-content\/gallery\/espai-moda-sostenible\/thumbs\/thumbs_ESCOLES004.jpg\"\n                    width=\"240\"\n                    height=\"160\"\n                    style=\"max-width:100%;\"\n                \/>\n            <\/a>\n        <\/div>\n\t\t\t\t\t\t\t<\/div> \n\t\t\t\n\t\t\t\t<div id=\"ngg-image-3\" class=\"ngg-gallery-thumbnail-box ngg-4-columns\" >\n\t\t\t\t        <div class=\"ngg-gallery-thumbnail\">\n            <a href=\"https:\/\/www.rec0.com\/wp-content\/gallery\/espai-moda-sostenible\/ESPAI-SOSTENIBLE005_1.jpg\"\n               title=\"\"\n               data-src=\"https:\/\/www.rec0.com\/wp-content\/gallery\/espai-moda-sostenible\/ESPAI-SOSTENIBLE005_1.jpg\"\n               data-thumbnail=\"https:\/\/www.rec0.com\/wp-content\/gallery\/espai-moda-sostenible\/thumbs\/thumbs_ESPAI-SOSTENIBLE005_1.jpg\"\n               data-image-id=\"1138\"\n               data-title=\"ESPAI-SOSTENIBLE005_1\"\n               data-description=\"\"\n               data-image-slug=\"espai-sostenible005_1\"\n               class=\"ngg-simplelightbox\" rel=\"4c7f75f97023054c15936b90b15c0338\">\n                <img\n                    title=\"ESPAI-SOSTENIBLE005_1\"\n                    alt=\"ESPAI-SOSTENIBLE005_1\"\n                    src=\"https:\/\/www.rec0.com\/wp-content\/gallery\/espai-moda-sostenible\/thumbs\/thumbs_ESPAI-SOSTENIBLE005_1.jpg\"\n                    width=\"240\"\n                    height=\"160\"\n                    style=\"max-width:100%;\"\n                \/>\n            <\/a>\n        <\/div>\n\t\t\t\t\t\t\t<\/div> \n\t\t\t\n\t\t\t\t<div id=\"ngg-image-4\" class=\"ngg-gallery-thumbnail-box ngg-4-columns\" >\n\t\t\t\t        <div class=\"ngg-gallery-thumbnail\">\n            <a href=\"https:\/\/www.rec0.com\/wp-content\/gallery\/espai-moda-sostenible\/ESPAI-SOSTENIBLE022_1.jpg\"\n               title=\"\"\n               data-src=\"https:\/\/www.rec0.com\/wp-content\/gallery\/espai-moda-sostenible\/ESPAI-SOSTENIBLE022_1.jpg\"\n               data-thumbnail=\"https:\/\/www.rec0.com\/wp-content\/gallery\/espai-moda-sostenible\/thumbs\/thumbs_ESPAI-SOSTENIBLE022_1.jpg\"\n               data-image-id=\"1139\"\n               data-title=\"ESPAI-SOSTENIBLE022_1\"\n               data-description=\"\"\n               data-image-slug=\"espai-sostenible022_1\"\n               class=\"ngg-simplelightbox\" rel=\"4c7f75f97023054c15936b90b15c0338\">\n                <img\n                    title=\"ESPAI-SOSTENIBLE022_1\"\n                    alt=\"ESPAI-SOSTENIBLE022_1\"\n                    src=\"https:\/\/www.rec0.com\/wp-content\/gallery\/espai-moda-sostenible\/thumbs\/thumbs_ESPAI-SOSTENIBLE022_1.jpg\"\n                    width=\"240\"\n                    height=\"160\"\n                    style=\"max-width:100%;\"\n                \/>\n            <\/a>\n        <\/div>\n\t\t\t\t\t\t\t<\/div> \n\t\t\t\n\t\t\t\t<div id=\"ngg-image-5\" class=\"ngg-gallery-thumbnail-box ngg-4-columns\" >\n\t\t\t\t        <div class=\"ngg-gallery-thumbnail\">\n            <a href=\"https:\/\/www.rec0.com\/wp-content\/gallery\/espai-moda-sostenible\/ESPAI-SOSTENIBLE024_1.jpg\"\n               title=\"\"\n               data-src=\"https:\/\/www.rec0.com\/wp-content\/gallery\/espai-moda-sostenible\/ESPAI-SOSTENIBLE024_1.jpg\"\n               data-thumbnail=\"https:\/\/www.rec0.com\/wp-content\/gallery\/espai-moda-sostenible\/thumbs\/thumbs_ESPAI-SOSTENIBLE024_1.jpg\"\n               data-image-id=\"1140\"\n               data-title=\"ESPAI-SOSTENIBLE024_1\"\n               data-description=\"\"\n               data-image-slug=\"espai-sostenible024_1\"\n               class=\"ngg-simplelightbox\" rel=\"4c7f75f97023054c15936b90b15c0338\">\n                <img\n                    title=\"ESPAI-SOSTENIBLE024_1\"\n                    alt=\"ESPAI-SOSTENIBLE024_1\"\n                    src=\"https:\/\/www.rec0.com\/wp-content\/gallery\/espai-moda-sostenible\/thumbs\/thumbs_ESPAI-SOSTENIBLE024_1.jpg\"\n                    width=\"240\"\n                    height=\"160\"\n                    style=\"max-width:100%;\"\n                \/>\n            <\/a>\n        <\/div>\n\t\t\t\t\t\t\t<\/div> \n\t\t\t\n\t\t\t\t<div id=\"ngg-image-6\" class=\"ngg-gallery-thumbnail-box ngg-4-columns\" >\n\t\t\t\t        <div class=\"ngg-gallery-thumbnail\">\n            <a href=\"https:\/\/www.rec0.com\/wp-content\/gallery\/espai-moda-sostenible\/080-ESPAI034.jpg\"\n               title=\"\"\n               data-src=\"https:\/\/www.rec0.com\/wp-content\/gallery\/espai-moda-sostenible\/080-ESPAI034.jpg\"\n               data-thumbnail=\"https:\/\/www.rec0.com\/wp-content\/gallery\/espai-moda-sostenible\/thumbs\/thumbs_080-ESPAI034.jpg\"\n               data-image-id=\"1141\"\n               data-title=\"080-ESPAI034\"\n               data-description=\"\"\n               data-image-slug=\"080-espai034\"\n               class=\"ngg-simplelightbox\" rel=\"4c7f75f97023054c15936b90b15c0338\">\n                <img\n                    title=\"080-ESPAI034\"\n                    alt=\"080-ESPAI034\"\n                    src=\"https:\/\/www.rec0.com\/wp-content\/gallery\/espai-moda-sostenible\/thumbs\/thumbs_080-ESPAI034.jpg\"\n                    width=\"240\"\n                    height=\"160\"\n                    style=\"max-width:100%;\"\n                \/>\n            <\/a>\n        <\/div>\n\t\t\t\t\t\t\t<\/div> \n\t\t\t\n\t\t\t\t<div id=\"ngg-image-7\" class=\"ngg-gallery-thumbnail-box ngg-4-columns\" >\n\t\t\t\t        <div class=\"ngg-gallery-thumbnail\">\n            <a href=\"https:\/\/www.rec0.com\/wp-content\/gallery\/espai-moda-sostenible\/ESCOLES003.jpg\"\n               title=\"\"\n               data-src=\"https:\/\/www.rec0.com\/wp-content\/gallery\/espai-moda-sostenible\/ESCOLES003.jpg\"\n               data-thumbnail=\"https:\/\/www.rec0.com\/wp-content\/gallery\/espai-moda-sostenible\/thumbs\/thumbs_ESCOLES003.jpg\"\n               data-image-id=\"1142\"\n               data-title=\"ESCOLES003\"\n               data-description=\"\"\n               data-image-slug=\"escoles003\"\n               class=\"ngg-simplelightbox\" rel=\"4c7f75f97023054c15936b90b15c0338\">\n                <img\n                    title=\"ESCOLES003\"\n                    alt=\"ESCOLES003\"\n                    src=\"https:\/\/www.rec0.com\/wp-content\/gallery\/espai-moda-sostenible\/thumbs\/thumbs_ESCOLES003.jpg\"\n                    width=\"240\"\n                    height=\"160\"\n                    style=\"max-width:100%;\"\n                \/>\n            <\/a>\n        <\/div>\n\t\t\t\t\t\t\t<\/div> \n\t\t\t\n\t\n\t<br style=\"clear: both\" \/>\n\n\t\n\t\t<!-- Pagination -->\n\t<div class='ngg-clear'><\/div>\t<\/div>\n<\/p>","protected":false},"excerpt":{"rendered":"<p>El Rec.0 acull moltes marques de moda sostenible que produeixen localment. I encara n&#8217;hi ha &hellip; <a href=\"https:\/\/www.rec0.com\/es\/modasostenible1aplanta\/\">Contin\u00faa<\/a><\/p>\n","protected":false},"author":2,"featured_media":16209,"parent":0,"menu_order":0,"comment_status":"closed","ping_status":"closed","template":"","meta":{"ngg_post_thumbnail":0},"yoast_head":"<!-- This site is optimized with the Yoast SEO plugin v18.2 - https:\/\/yoast.com\/wordpress\/plugins\/seo\/ -->\n<meta name=\"robots\" content=\"index, follow, max-snippet:-1, max-image-preview:large, max-video-preview:-1\" \/>\n<link rel=\"canonical\" href=\"https:\/\/www.rec0.com\/modasostenible1aplanta\/\" \/>\n<meta property=\"og:locale\" content=\"es_ES\" \/>\n<meta property=\"og:type\" content=\"article\" \/>\n<meta property=\"og:title\" content=\"Rec Imperdible, a la 1a planta del Museu de la Pell - REC.0 Experimental Stores\" \/>\n<meta property=\"og:description\" content=\"El Rec.0 acull moltes marques de moda sostenible que produeixen localment. I encara n&#8217;hi ha &hellip; Contin\u00faa\" \/>\n<meta property=\"og:url\" content=\"https:\/\/www.rec0.com\/modasostenible1aplanta\/\" \/>\n<meta property=\"og:site_name\" content=\"REC.0 Experimental Stores\" \/>\n<meta property=\"article:modified_time\" content=\"2024-02-20T12:49:08+00:00\" \/>\n<meta property=\"og:image\" content=\"https:\/\/www.rec0.com\/wp-content\/uploads\/Museu00025-scaled-e1666083419338.jpg\" \/>\n\t<meta property=\"og:image:width\" content=\"2560\" \/>\n\t<meta property=\"og:image:height\" content=\"870\" \/>\n\t<meta property=\"og:image:type\" content=\"image\/jpeg\" \/>\n<meta name=\"twitter:label1\" content=\"Tiempo de lectura\" \/>\n\t<meta name=\"twitter:data1\" content=\"2 minutos\" \/>\n<script type=\"application\/ld+json\" class=\"yoast-schema-graph\">{\"@context\":\"https:\/\/schema.org\",\"@graph\":[{\"@type\":\"WebSite\",\"@id\":\"https:\/\/www.rec0.com\/es\/#website\",\"url\":\"https:\/\/www.rec0.com\/es\/\",\"name\":\"REC.0 Experimental Stores\",\"description\":\"Pop up stores al barri del Rec, a Igualada.\",\"potentialAction\":[{\"@type\":\"SearchAction\",\"target\":{\"@type\":\"EntryPoint\",\"urlTemplate\":\"https:\/\/www.rec0.com\/es\/?s={search_term_string}\"},\"query-input\":\"required name=search_term_string\"}],\"inLanguage\":\"es\"},{\"@type\":\"ImageObject\",\"@id\":\"https:\/\/www.rec0.com\/modasostenible1aplanta\/#primaryimage\",\"inLanguage\":\"es\",\"url\":\"https:\/\/www.rec0.com\/wp-content\/uploads\/Museu00025-scaled-e1666083419338.jpg\",\"contentUrl\":\"https:\/\/www.rec0.com\/wp-content\/uploads\/Museu00025-scaled-e1666083419338.jpg\",\"width\":2560,\"height\":870},{\"@type\":\"WebPage\",\"@id\":\"https:\/\/www.rec0.com\/modasostenible1aplanta\/#webpage\",\"url\":\"https:\/\/www.rec0.com\/modasostenible1aplanta\/\",\"name\":\"Rec Imperdible, a la 1a planta del Museu de la Pell - REC.0 Experimental Stores\",\"isPartOf\":{\"@id\":\"https:\/\/www.rec0.com\/es\/#website\"},\"primaryImageOfPage\":{\"@id\":\"https:\/\/www.rec0.com\/modasostenible1aplanta\/#primaryimage\"},\"datePublished\":\"2022-10-18T09:25:20+00:00\",\"dateModified\":\"2024-02-20T12:49:08+00:00\",\"breadcrumb\":{\"@id\":\"https:\/\/www.rec0.com\/modasostenible1aplanta\/#breadcrumb\"},\"inLanguage\":\"es\",\"potentialAction\":[{\"@type\":\"ReadAction\",\"target\":[\"https:\/\/www.rec0.com\/modasostenible1aplanta\/\"]}]},{\"@type\":\"BreadcrumbList\",\"@id\":\"https:\/\/www.rec0.com\/modasostenible1aplanta\/#breadcrumb\",\"itemListElement\":[{\"@type\":\"ListItem\",\"position\":1,\"name\":\"Rec Imperdible, a la 1a planta del Museu de la Pell\"}]}]}<\/script>\n<!-- \/ Yoast SEO plugin. -->","yoast_head_json":{"robots":{"index":"index","follow":"follow","max-snippet":"max-snippet:-1","max-image-preview":"max-image-preview:large","max-video-preview":"max-video-preview:-1"},"canonical":"https:\/\/www.rec0.com\/modasostenible1aplanta\/","og_locale":"es_ES","og_type":"article","og_title":"Rec Imperdible, a la 1a planta del Museu de la Pell - REC.0 Experimental Stores","og_description":"El Rec.0 acull moltes marques de moda sostenible que produeixen localment. I encara n&#8217;hi ha &hellip; Contin\u00faa","og_url":"https:\/\/www.rec0.com\/modasostenible1aplanta\/","og_site_name":"REC.0 Experimental Stores","article_modified_time":"2024-02-20T12:49:08+00:00","og_image":[{"width":2560,"height":870,"url":"https:\/\/www.rec0.com\/wp-content\/uploads\/Museu00025-scaled-e1666083419338.jpg","type":"image\/jpeg"}],"twitter_misc":{"Tiempo de lectura":"2 minutos"},"schema":{"@context":"https:\/\/schema.org","@graph":[{"@type":"WebSite","@id":"https:\/\/www.rec0.com\/es\/#website","url":"https:\/\/www.rec0.com\/es\/","name":"REC.0 Experimental Stores","description":"Pop up stores al barri del Rec, a Igualada.","potentialAction":[{"@type":"SearchAction","target":{"@type":"EntryPoint","urlTemplate":"https:\/\/www.rec0.com\/es\/?s={search_term_string}"},"query-input":"required name=search_term_string"}],"inLanguage":"es"},{"@type":"ImageObject","@id":"https:\/\/www.rec0.com\/modasostenible1aplanta\/#primaryimage","inLanguage":"es","url":"https:\/\/www.rec0.com\/wp-content\/uploads\/Museu00025-scaled-e1666083419338.jpg","contentUrl":"https:\/\/www.rec0.com\/wp-content\/uploads\/Museu00025-scaled-e1666083419338.jpg","width":2560,"height":870},{"@type":"WebPage","@id":"https:\/\/www.rec0.com\/modasostenible1aplanta\/#webpage","url":"https:\/\/www.rec0.com\/modasostenible1aplanta\/","name":"Rec Imperdible, a la 1a planta del Museu de la Pell - REC.0 Experimental Stores","isPartOf":{"@id":"https:\/\/www.rec0.com\/es\/#website"},"primaryImageOfPage":{"@id":"https:\/\/www.rec0.com\/modasostenible1aplanta\/#primaryimage"},"datePublished":"2022-10-18T09:25:20+00:00","dateModified":"2024-02-20T12:49:08+00:00","breadcrumb":{"@id":"https:\/\/www.rec0.com\/modasostenible1aplanta\/#breadcrumb"},"inLanguage":"es","potentialAction":[{"@type":"ReadAction","target":["https:\/\/www.rec0.com\/modasostenible1aplanta\/"]}]},{"@type":"BreadcrumbList","@id":"https:\/\/www.rec0.com\/modasostenible1aplanta\/#breadcrumb","itemListElement":[{"@type":"ListItem","position":1,"name":"Rec Imperdible, a la 1a planta del Museu de la Pell"}]}]}},"acf":[],"_links":{"self":[{"href":"https:\/\/www.rec0.com\/es\/wp-json\/wp\/v2\/pages\/16210"}],"collection":[{"href":"https:\/\/www.rec0.com\/es\/wp-json\/wp\/v2\/pages"}],"about":[{"href":"https:\/\/www.rec0.com\/es\/wp-json\/wp\/v2\/types\/page"}],"author":[{"embeddable":true,"href":"https:\/\/www.rec0.com\/es\/wp-json\/wp\/v2\/users\/2"}],"replies":[{"embeddable":true,"href":"https:\/\/www.rec0.com\/es\/wp-json\/wp\/v2\/comments?post=16210"}],"version-history":[{"count":17,"href":"https:\/\/www.rec0.com\/es\/wp-json\/wp\/v2\/pages\/16210\/revisions"}],"predecessor-version":[{"id":17677,"href":"https:\/\/www.rec0.com\/es\/wp-json\/wp\/v2\/pages\/16210\/revisions\/17677"}],"wp:featuredmedia":[{"embeddable":true,"href":"https:\/\/www.rec0.com\/es\/wp-json\/wp\/v2\/media\/16209"}],"wp:attachment":[{"href":"https:\/\/www.rec0.com\/es\/wp-json\/wp\/v2\/media?parent=16210"}],"curies":[{"name":"wp","href":"https:\/\/api.w.org\/{rel}","templated":true}]}}